{"id":948,"date":"2014-02-10T13:49:37","date_gmt":"2014-02-10T13:49:37","guid":{"rendered":"http:\/\/firmalegal.wualia.com\/ca\/areas-de-trabajo\/"},"modified":"2024-04-03T09:03:19","modified_gmt":"2024-04-03T09:03:19","slug":"arees-de-treball","status":"publish","type":"page","link":"https:\/\/firmalegal.net\/ca\/arees-de-treball\/","title":{"rendered":"\u00c0rees de Treball"},"content":{"rendered":"[vc_row type=&#8221;full_width_background&#8221; full_screen_row_position=&#8221;middle&#8221; column_margin=&#8221;default&#8221; column_direction=&#8221;default&#8221; column_direction_tablet=&#8221;default&#8221; column_direction_phone=&#8221;default&#8221; bg_image=&#8221;875&#8243; bg_position=&#8221;center center&#8221; background_image_loading=&#8221;default&#8221; bg_repeat=&#8221;no-repeat&#8221; scene_position=&#8221;center&#8221; top_padding=&#8221;200&#8243; bottom_padding=&#8221;200&#8243; text_color=&#8221;light&#8221; text_align=&#8221;left&#8221; row_border_radius=&#8221;none&#8221; row_border_radius_applies=&#8221;bg&#8221; overflow=&#8221;visible&#8221; color_overlay=&#8221;#0a0a0a&#8221; overlay_strength=&#8221;0.3&#8243; gradient_direction=&#8221;left_to_right&#8221; shape_divider_position=&#8221;bottom&#8221; bg_image_animation=&#8221;none&#8221; fullwidth=&#8221;true&#8221; attached=&#8221;true&#8221; gradient_type=&#8221;default&#8221; shape_type=&#8221;&#8221;][vc_column column_padding=&#8221;no-extra-padding&#8221; column_padding_tablet=&#8221;inherit&#8221; column_padding_phone=&#8221;inherit&#8221; column_padding_position=&#8221;all&#8221; column_element_direction_desktop=&#8221;default&#8221; column_element_spacing=&#8221;default&#8221; desktop_text_alignment=&#8221;default&#8221; tablet_text_alignment=&#8221;default&#8221; phone_text_alignment=&#8221;default&#8221; background_color_opacity=&#8221;1&#8243; background_hover_color_opacity=&#8221;1&#8243; column_backdrop_filter=&#8221;none&#8221; column_shadow=&#8221;none&#8221; column_border_radius=&#8221;none&#8221; column_link_target=&#8221;_self&#8221; column_position=&#8221;default&#8221; gradient_direction=&#8221;left_to_right&#8221; overlay_strength=&#8221;0.3&#8243; width=&#8221;1\/1&#8243; tablet_width_inherit=&#8221;default&#8221; animation_type=&#8221;default&#8221; bg_image_animation=&#8221;none&#8221; border_type=&#8221;simple&#8221; column_border_width=&#8221;none&#8221; column_border_style=&#8221;solid&#8221;][vc_custom_heading text=&#8221;\u00c0REES DE TREBALL&#8221; font_container=&#8221;tag:h1|text_align:center&#8221; use_theme_fonts=&#8221;yes&#8221;][\/vc_column][\/vc_row][vc_row type=&#8221;in_container&#8221; full_screen_row_position=&#8221;middle&#8221; column_margin=&#8221;default&#8221; column_direction=&#8221;default&#8221; column_direction_tablet=&#8221;default&#8221; column_direction_phone=&#8221;default&#8221; scene_position=&#8221;center&#8221; top_padding=&#8221;80&#8243; text_color=&#8221;dark&#8221; text_align=&#8221;left&#8221; row_border_radius=&#8221;none&#8221; row_border_radius_applies=&#8221;bg&#8221; overflow=&#8221;visible&#8221; overlay_strength=&#8221;0.3&#8243; gradient_direction=&#8221;left_to_right&#8221; shape_divider_position=&#8221;bottom&#8221; bg_image_animation=&#8221;none&#8221; gradient_type=&#8221;default&#8221; shape_type=&#8221;&#8221;][vc_column column_padding=&#8221;padding-2-percent&#8221; column_padding_tablet=&#8221;inherit&#8221; column_padding_phone=&#8221;inherit&#8221; column_padding_position=&#8221;left-right&#8221; column_element_direction_desktop=&#8221;default&#8221; column_element_spacing=&#8221;default&#8221; desktop_text_alignment=&#8221;default&#8221; tablet_text_alignment=&#8221;default&#8221; phone_text_alignment=&#8221;default&#8221; background_color_opacity=&#8221;1&#8243; background_hover_color_opacity=&#8221;1&#8243; column_backdrop_filter=&#8221;none&#8221; column_shadow=&#8221;none&#8221; column_border_radius=&#8221;none&#8221; column_link_target=&#8221;_self&#8221; column_position=&#8221;default&#8221; gradient_direction=&#8221;left_to_right&#8221; overlay_strength=&#8221;0.3&#8243; width=&#8221;1\/2&#8243; tablet_width_inherit=&#8221;default&#8221; animation_type=&#8221;default&#8221; bg_image_animation=&#8221;none&#8221; border_type=&#8221;simple&#8221; column_border_width=&#8221;none&#8221; column_border_style=&#8221;solid&#8221; column_padding_type=&#8221;default&#8221; gradient_type=&#8221;default&#8221;][vc_custom_heading text=&#8221;Dret Mercantil i Procesal&#8221; font_container=&#8221;tag:h3|text_align:left|color:%238b0201&#8243; use_theme_fonts=&#8221;yes&#8221;][divider line_type=&#8221;No Line&#8221; divider_opacity=&#8221;0&#8243; custom_height=&#8221;20&#8243;][vc_column_text text_direction=&#8221;default&#8221;]\n<ul>\n<li>Constituci\u00f3, Secretaria, Assessorament Legal, Liquidaci\u00f3 i Dissoluci\u00f3 de Societats.<\/li>\n<li>Concursos de Creditors.<\/li>\n<li>Contrataci\u00f3 Mercantil.<\/li>\n<li>Negociacions amb Entitats Financeres, reclamacions davant del Banc d\u2019 Espanya, processos contra Entitats Financeres, processos de morositat.<\/li>\n<li>Dret de la compet\u00e8ncia.<\/li>\n<li>Assessorament i actuaci\u00f3 Registral i Hipotec\u00e0ria, dirigit fonamentalment a Companyies Immobili\u00e0ries i Entitats Financeres.<\/li>\n<li>Derecho Mercantil Internacional, Fusiones y Adquisiciones de Empresas.<\/li>\n<li>Propietat Industrial i Intel\u00b7lectual.<\/li>\n<\/ul>\n[\/vc_column_text][\/vc_column][vc_column column_padding=&#8221;padding-2-percent&#8221; column_padding_tablet=&#8221;inherit&#8221; column_padding_phone=&#8221;inherit&#8221; column_padding_position=&#8221;left-right&#8221; column_element_direction_desktop=&#8221;default&#8221; column_element_spacing=&#8221;default&#8221; desktop_text_alignment=&#8221;default&#8221; tablet_text_alignment=&#8221;default&#8221; phone_text_alignment=&#8221;default&#8221; background_color_opacity=&#8221;1&#8243; background_hover_color_opacity=&#8221;1&#8243; column_backdrop_filter=&#8221;none&#8221; column_shadow=&#8221;none&#8221; column_border_radius=&#8221;none&#8221; column_link_target=&#8221;_self&#8221; column_position=&#8221;default&#8221; gradient_direction=&#8221;left_to_right&#8221; overlay_strength=&#8221;0.3&#8243; width=&#8221;1\/2&#8243; tablet_width_inherit=&#8221;default&#8221; animation_type=&#8221;default&#8221; bg_image_animation=&#8221;none&#8221; border_type=&#8221;simple&#8221; column_border_width=&#8221;none&#8221; column_border_style=&#8221;solid&#8221; column_padding_type=&#8221;default&#8221; gradient_type=&#8221;default&#8221;][vc_custom_heading text=&#8221;Dret del Treball i Seguretat Social&#8221; font_container=&#8221;tag:h3|text_align:left|color:%238b0201&#8243; use_theme_fonts=&#8221;yes&#8221;][divider line_type=&#8221;No Line&#8221; divider_opacity=&#8221;0&#8243; custom_height=&#8221;20&#8243;][vc_column_text text_direction=&#8221;default&#8221;]\n<ul>\n<li>Planificaci\u00f3 dels Recursos Humans, assessorament preventiu en pol\u00edtiques socials, contractaci\u00f3 i formaci\u00f3 d\u2019empleats, disseny i an\u00e0lisi de llocs de treball, m\u00e8todes i rendiment productiu.<\/li>\n<li>Consultoria de distribuci\u00f3 i contenci\u00f3 de costos socials i organitzaci\u00f3 del temps de treball.<\/li>\n<li>Assessorament de les condicions contractuals de les relacions laborals (jornada, retribuci\u00f3, extincions de contracte, via acomiadament disciplinari, regulaci\u00f3 d\u2019ocupaci\u00f3, amortitzaci\u00f3 de lloc de treball&#8230;)<\/li>\n<li>Assessorament i representaci\u00f3 en negociacions col\u00b7lectives, davant de l\u2019 Autoritat Laboral, Inspecci\u00f3 de Treball i Jutjats i Tribunals Laborals.<\/li>\n<li>Accidents Laborals i assessorament general en mat\u00e8ria de seguretat i higiene en el treball.<\/li>\n<li>R\u00e8gim Especial d\u2019 Aut\u00f2noms.<\/li>\n<li>Prestacions de Seguretat Social i d\u2019altres Organismes P\u00fablics (jubilaci\u00f3, invalidesa, vidu\u00eftat, orfandat&#8230;)<\/li>\n<li>Comunicaci\u00f3 amb la representaci\u00f3 social, ja siguin Comit\u00e8s d\u2019 Empresa, Delegats de Personal o Representants Sindicals.<\/li>\n<\/ul>\n[\/vc_column_text][\/vc_column][\/vc_row][vc_row type=&#8221;in_container&#8221; full_screen_row_position=&#8221;middle&#8221; column_margin=&#8221;default&#8221; column_direction=&#8221;default&#8221; column_direction_tablet=&#8221;default&#8221; column_direction_phone=&#8221;default&#8221; scene_position=&#8221;center&#8221; top_padding=&#8221;80&#8243; text_color=&#8221;dark&#8221; text_align=&#8221;left&#8221; row_border_radius=&#8221;none&#8221; row_border_radius_applies=&#8221;bg&#8221; overflow=&#8221;visible&#8221; overlay_strength=&#8221;0.3&#8243; gradient_direction=&#8221;left_to_right&#8221; shape_divider_position=&#8221;bottom&#8221; bg_image_animation=&#8221;none&#8221; gradient_type=&#8221;default&#8221; shape_type=&#8221;&#8221;][vc_column column_padding=&#8221;padding-2-percent&#8221; column_padding_tablet=&#8221;inherit&#8221; column_padding_phone=&#8221;inherit&#8221; column_padding_position=&#8221;left-right&#8221; column_element_direction_desktop=&#8221;default&#8221; column_element_spacing=&#8221;default&#8221; desktop_text_alignment=&#8221;default&#8221; tablet_text_alignment=&#8221;default&#8221; phone_text_alignment=&#8221;default&#8221; background_color_opacity=&#8221;1&#8243; background_hover_color_opacity=&#8221;1&#8243; column_backdrop_filter=&#8221;none&#8221; column_shadow=&#8221;none&#8221; column_border_radius=&#8221;none&#8221; column_link_target=&#8221;_self&#8221; column_position=&#8221;default&#8221; gradient_direction=&#8221;left_to_right&#8221; overlay_strength=&#8221;0.3&#8243; width=&#8221;1\/2&#8243; tablet_width_inherit=&#8221;default&#8221; animation_type=&#8221;default&#8221; bg_image_animation=&#8221;none&#8221; border_type=&#8221;simple&#8221; column_border_width=&#8221;none&#8221; column_border_style=&#8221;solid&#8221; column_padding_type=&#8221;default&#8221; gradient_type=&#8221;default&#8221;][vc_custom_heading text=&#8221;Dret Administratiu&#8221; font_container=&#8221;tag:h3|text_align:left|color:%238b0201&#8243; use_theme_fonts=&#8221;yes&#8221;][divider line_type=&#8221;No Line&#8221; divider_opacity=&#8221;0&#8243; custom_height=&#8221;20&#8243;][vc_column_text text_direction=&#8221;default&#8221;]\n<ul>\n<li>Procediments Administratius i Contenci\u00f3s &#8211; Administratiu.<\/li>\n<li>Assessorament i Reclamaci\u00f3 de responsabilitats a la Administraci\u00f3.<\/li>\n<li>Consultoria a corporacions locals.<\/li>\n<li>Assessorament de Col\u00b7lectius en les seves relacions amb la Administraci\u00f3 P\u00fablica a tots els seus nivells.<\/li>\n<li>Relacions dels funcionaris amb la Administraci\u00f3.<\/li>\n<\/ul>\n[\/vc_column_text][\/vc_column][vc_column column_padding=&#8221;padding-2-percent&#8221; column_padding_tablet=&#8221;inherit&#8221; column_padding_phone=&#8221;inherit&#8221; column_padding_position=&#8221;left-right&#8221; column_element_direction_desktop=&#8221;default&#8221; column_element_spacing=&#8221;default&#8221; desktop_text_alignment=&#8221;default&#8221; tablet_text_alignment=&#8221;default&#8221; phone_text_alignment=&#8221;default&#8221; background_color_opacity=&#8221;1&#8243; background_hover_color_opacity=&#8221;1&#8243; column_backdrop_filter=&#8221;none&#8221; column_shadow=&#8221;none&#8221; column_border_radius=&#8221;none&#8221; column_link_target=&#8221;_self&#8221; column_position=&#8221;default&#8221; gradient_direction=&#8221;left_to_right&#8221; overlay_strength=&#8221;0.3&#8243; width=&#8221;1\/2&#8243; tablet_width_inherit=&#8221;default&#8221; animation_type=&#8221;default&#8221; bg_image_animation=&#8221;none&#8221; border_type=&#8221;simple&#8221; column_border_width=&#8221;none&#8221; column_border_style=&#8221;solid&#8221; column_padding_type=&#8221;default&#8221; gradient_type=&#8221;default&#8221;][vc_custom_heading text=&#8221;Dret Civil y Familiar&#8221; font_container=&#8221;tag:h3|text_align:left|color:%238b0201&#8243; use_theme_fonts=&#8221;yes&#8221;][divider line_type=&#8221;No Line&#8221; divider_opacity=&#8221;0&#8243; custom_height=&#8221;20&#8243;][vc_column_text text_direction=&#8221;default&#8221;]\n<ul>\n<li>Assessorament en her\u00e8ncies i successions.<\/li>\n<li>Contractaci\u00f3 Civil.<\/li>\n<li>Dret Matrimonial.<\/li>\n<li>Reclamaci\u00f3 de quantitats per deutes i danys.<\/li>\n<li>Assessorament i processos d\u2019arrendament i protecci\u00f3 en general de drets relatius a immobles i propietat horitzontal.<\/li>\n<li>Assessorament i actuaci\u00f3 en mat\u00e8ria de tutela, incapacitat, finaci\u00f3 i adopci\u00f3.<\/li>\n<\/ul>\n[\/vc_column_text][\/vc_column][\/vc_row][vc_row type=&#8221;in_container&#8221; full_screen_row_position=&#8221;middle&#8221; column_margin=&#8221;default&#8221; column_direction=&#8221;default&#8221; column_direction_tablet=&#8221;default&#8221; column_direction_phone=&#8221;default&#8221; scene_position=&#8221;center&#8221; top_padding=&#8221;80&#8243; bottom_padding=&#8221;80&#8243; text_color=&#8221;dark&#8221; text_align=&#8221;left&#8221; row_border_radius=&#8221;none&#8221; row_border_radius_applies=&#8221;bg&#8221; overflow=&#8221;visible&#8221; overlay_strength=&#8221;0.3&#8243; gradient_direction=&#8221;left_to_right&#8221; shape_divider_position=&#8221;bottom&#8221; bg_image_animation=&#8221;none&#8221; gradient_type=&#8221;default&#8221; shape_type=&#8221;&#8221;][vc_column column_padding=&#8221;padding-2-percent&#8221; column_padding_tablet=&#8221;inherit&#8221; column_padding_phone=&#8221;inherit&#8221; column_padding_position=&#8221;left-right&#8221; column_element_direction_desktop=&#8221;default&#8221; column_element_spacing=&#8221;default&#8221; desktop_text_alignment=&#8221;default&#8221; tablet_text_alignment=&#8221;default&#8221; phone_text_alignment=&#8221;default&#8221; background_color_opacity=&#8221;1&#8243; background_hover_color_opacity=&#8221;1&#8243; column_backdrop_filter=&#8221;none&#8221; column_shadow=&#8221;none&#8221; column_border_radius=&#8221;none&#8221; column_link_target=&#8221;_self&#8221; column_position=&#8221;default&#8221; gradient_direction=&#8221;left_to_right&#8221; overlay_strength=&#8221;0.3&#8243; width=&#8221;1\/2&#8243; tablet_width_inherit=&#8221;default&#8221; animation_type=&#8221;default&#8221; bg_image_animation=&#8221;none&#8221; border_type=&#8221;simple&#8221; column_border_width=&#8221;none&#8221; column_border_style=&#8221;solid&#8221; column_padding_type=&#8221;default&#8221; gradient_type=&#8221;default&#8221;][vc_custom_heading text=&#8221;Dret Penal i Penitenciari&#8221; font_container=&#8221;tag:h3|text_align:left|color:%238b0201&#8243; use_theme_fonts=&#8221;yes&#8221;][divider line_type=&#8221;No Line&#8221; divider_opacity=&#8221;0&#8243; custom_height=&#8221;20&#8243;][vc_column_text text_direction=&#8221;default&#8221;]\n<ul>\n<li>Ambito penal-societario.<br \/>\n-Asesoramiento letrado al \u00f3rgano de administraci\u00f3n de la organizaci\u00f3n empresarial, respecto de sus actividades o incidencias con relevancia jur\u00eddico penal y coordinaci\u00f3n con servicio de asesoramiento mercantil y civil.<\/li>\n<li>Derecho penal y de la construcci\u00f3n.<br \/>\n-Delitos contra la salud y seguridad en el trabajo. Responsabilidad civil derivada.<br \/>\n-Servicios integrales de defensa penal a los profesionales del sector de la construcci\u00f3n.<br \/>\n-Asesoramiento y auditoria de empresas del sector de la construcci\u00f3n para acomodar legalmente sus actividades a la legislaci\u00f3n laboral y penal en materia de prevenci\u00f3n de riesgos laborales y seguridad e higiene en el trabajo con relevancia jur\u00eddico penal.<br \/>\n-Coordinaci\u00f3n entre las esferas de derecho laboral y derecho penal en todos sus \u00e1mbitos.<br \/>\n-Coordinaci\u00f3n entre las esferas del derecho de familia y derecho penal en el \u00e1mbito de los delitos contra las relaciones familiares y de violencia de g\u00e9nero.<\/li>\n<li>Derecho penal de la circulaci\u00f3n.<br \/>\n-Defensa y reclamaci\u00f3n de da\u00f1os y perjuicios derivados de siniestros de circulaci\u00f3n y asimismo respecto de todos aquellos tipos penales centrados en la seguridad en el tr\u00e1fico.<\/li>\n<li>Derecho penitenciario.<\/li>\n<\/ul>\n[\/vc_column_text][\/vc_column][vc_column column_padding=&#8221;padding-2-percent&#8221; column_padding_tablet=&#8221;inherit&#8221; column_padding_phone=&#8221;inherit&#8221; column_padding_position=&#8221;left-right&#8221; column_element_direction_desktop=&#8221;default&#8221; column_element_spacing=&#8221;default&#8221; desktop_text_alignment=&#8221;default&#8221; tablet_text_alignment=&#8221;default&#8221; phone_text_alignment=&#8221;default&#8221; background_color_opacity=&#8221;1&#8243; background_hover_color_opacity=&#8221;1&#8243; column_backdrop_filter=&#8221;none&#8221; column_shadow=&#8221;none&#8221; column_border_radius=&#8221;none&#8221; column_link_target=&#8221;_self&#8221; column_position=&#8221;default&#8221; gradient_direction=&#8221;left_to_right&#8221; overlay_strength=&#8221;0.3&#8243; width=&#8221;1\/2&#8243; tablet_width_inherit=&#8221;default&#8221; animation_type=&#8221;default&#8221; bg_image_animation=&#8221;none&#8221; border_type=&#8221;simple&#8221; column_border_width=&#8221;none&#8221; column_border_style=&#8221;solid&#8221; column_padding_type=&#8221;default&#8221; gradient_type=&#8221;default&#8221;][vc_custom_heading text=&#8221;Altres serveis&#8221; font_container=&#8221;tag:h3|text_align:left|color:%238b0201&#8243; use_theme_fonts=&#8221;yes&#8221;][divider line_type=&#8221;No Line&#8221; divider_opacity=&#8221;0&#8243; custom_height=&#8221;20&#8243;][vc_column_text text_direction=&#8221;default&#8221;]\n<ul>\n<li>Servei d\u2019informaci\u00f3 \u2013 mitjan\u00e7ant els nostres butlletins informatius \u2013 pel qual es comuniquen i comenten els canvis legislatius o reglamentaris i les novetats que puguin afectar-li (inclosa la relaci\u00f3 de convenis col\u00b7lectius d\u2019\u00e0mbit estatal, auton\u00f2mic i provincial que es publica mensualment)<\/li>\n<li>Departament d\u2019investigaci\u00f3 privada per a la realitzaci\u00f3 d\u2019informes comercials o patrimonials, controls sobre treballadors en per\u00edode de baixa laboral<\/li>\n<li>Departament de gesti\u00f3 d\u2019impagats.<\/li>\n<li>Obtenci\u00f3 d\u2019informes i peritatges t\u00e8cnics en qualsevol mat\u00e8ria.<\/li>\n<\/ul>\n[\/vc_column_text][\/vc_column][\/vc_row]\n","protected":false},"excerpt":{"rendered":"<p>[vc_row type=&#8221;full_width_background&#8221; full_screen_row_position=&#8221;middle&#8221; column_margin=&#8221;default&#8221; column_direction=&#8221;default&#8221; column_direction_tablet=&#8221;default&#8221; column_direction_phone=&#8221;default&#8221; bg_image=&#8221;875&#8243; bg_position=&#8221;center center&#8221; background_image_loading=&#8221;default&#8221; bg_repeat=&#8221;no-repeat&#8221; scene_position=&#8221;center&#8221; top_padding=&#8221;200&#8243; bottom_padding=&#8221;200&#8243; text_color=&#8221;light&#8221; text_align=&#8221;left&#8221; row_border_radius=&#8221;none&#8221; row_border_radius_applies=&#8221;bg&#8221; overflow=&#8221;visible&#8221; color_overlay=&#8221;#0a0a0a&#8221; overlay_strength=&#8221;0.3&#8243; gradient_direction=&#8221;left_to_right&#8221; shape_divider_position=&#8221;bottom&#8221; bg_image_animation=&#8221;none&#8221; fullwidth=&#8221;true&#8221; attached=&#8221;true&#8221; gradient_type=&#8221;default&#8221; shape_type=&#8221;&#8221;][vc_column column_padding=&#8221;no-extra-padding&#8221;&#8230;<\/p>\n","protected":false},"author":3,"featured_media":0,"parent":0,"menu_order":0,"comment_status":"open","ping_status":"open","template":"","meta":{"footnotes":""},"_links":{"self":[{"href":"https:\/\/firmalegal.net\/ca\/wp-json\/wp\/v2\/pages\/948"}],"collection":[{"href":"https:\/\/firmalegal.net\/ca\/wp-json\/wp\/v2\/pages"}],"about":[{"href":"https:\/\/firmalegal.net\/ca\/wp-json\/wp\/v2\/types\/page"}],"author":[{"embeddable":true,"href":"https:\/\/firmalegal.net\/ca\/wp-json\/wp\/v2\/users\/3"}],"replies":[{"embeddable":true,"href":"https:\/\/firmalegal.net\/ca\/wp-json\/wp\/v2\/comments?post=948"}],"version-history":[{"count":10,"href":"https:\/\/firmalegal.net\/ca\/wp-json\/wp\/v2\/pages\/948\/revisions"}],"predecessor-version":[{"id":2125,"href":"https:\/\/firmalegal.net\/ca\/wp-json\/wp\/v2\/pages\/948\/revisions\/2125"}],"wp:attachment":[{"href":"https:\/\/firmalegal.net\/ca\/wp-json\/wp\/v2\/media?parent=948"}],"curies":[{"name":"wp","href":"https:\/\/api.w.org\/{rel}","templated":true}]}}